{"id":95,"date":"2022-08-18T17:54:10","date_gmt":"2022-08-18T15:54:10","guid":{"rendered":"https:\/\/nosformamosfol.com\/?page_id=95"},"modified":"2026-08-21T00:46:45","modified_gmt":"2026-08-20T22:46:45","slug":"bloque-salud-y-seguridad-laboral","status":"publish","type":"page","link":"https:\/\/nosformamosfol.com\/index.php\/bloque-salud-y-seguridad-laboral\/","title":{"rendered":"RA2"},"content":{"rendered":"\t\t<div data-elementor-type=\"wp-page\" data-elementor-id=\"95\" class=\"elementor elementor-95\">\n\t\t\t\t\t\t\t\t\t<section class=\"elementor-section elementor-top-section elementor-element elementor-element-cccbe32 elementor-section-boxed elementor-section-height-default elementor-section-height-default\" data-id=\"cccbe32\" data-element_type=\"section\">\n\t\t\t\t\t\t<div class=\"elementor-container elementor-column-gap-default\">\n\t\t\t\t\t<div class=\"elementor-column elementor-col-100 elementor-top-column elementor-element elementor-element-4cbb088\" data-id=\"4cbb088\" data-element_type=\"column\">\n\t\t\t<div class=\"elementor-widget-wrap elementor-element-populated\">\n\t\t\t\t\t\t\t\t<div class=\"elementor-element elementor-element-64417e6 elementor-widget elementor-widget-text-editor\" data-id=\"64417e6\" data-element_type=\"widget\" data-widget_type=\"text-editor.default\">\n\t\t\t\t<div class=\"elementor-widget-container\">\n\t\t\t<style>\/*! elementor - v3.7.1 - 14-08-2022 *\/\n.elementor-widget-text-editor.elementor-drop-cap-view-stacked .elementor-drop-cap{background-color:#818a91;color:#fff}.elementor-widget-text-editor.elementor-drop-cap-view-framed .elementor-drop-cap{color:#818a91;border:3px solid;background-color:transparent}.elementor-widget-text-editor:not(.elementor-drop-cap-view-default) .elementor-drop-cap{margin-top:8px}.elementor-widget-text-editor:not(.elementor-drop-cap-view-default) .elementor-drop-cap-letter{width:1em;height:1em}.elementor-widget-text-editor .elementor-drop-cap{float:left;text-align:center;line-height:1;font-size:50px}.elementor-widget-text-editor .elementor-drop-cap-letter{display:inline-block}<\/style>\t\t\t\t<p><strong>Adquiere las competencias necesarias para el desempe\u00f1o de las funciones de nivel b\u00e1sico en Prevenci\u00f3n de Riesgos Laborales.<\/strong><\/p>\t\t\t\t\t\t<\/div>\n\t\t\t\t<\/div>\n\t\t\t\t\t<\/div>\n\t\t<\/div>\n\t\t\t\t\t\t\t<\/div>\n\t\t<\/section>\n\t\t\t\t<section class=\"elementor-section elementor-top-section elementor-element elementor-element-f7d1b49 elementor-section-boxed elementor-section-height-default elementor-section-height-default\" data-id=\"f7d1b49\" data-element_type=\"section\">\n\t\t\t\t\t\t<div class=\"elementor-container elementor-column-gap-default\">\n\t\t\t\t\t<div class=\"elementor-column elementor-col-100 elementor-top-column elementor-element elementor-element-64c6c47\" data-id=\"64c6c47\" data-element_type=\"column\">\n\t\t\t<div class=\"elementor-widget-wrap elementor-element-populated\">\n\t\t\t\t\t\t\t\t<div class=\"elementor-element elementor-element-1ccc0e6 elementor-widget elementor-widget-text-editor\" data-id=\"1ccc0e6\" data-element_type=\"widget\" data-widget_type=\"text-editor.default\">\n\t\t\t\t<div class=\"elementor-widget-container\">\n\t\t\t\t\t\t\t<p>\u00a0<\/p><p><span style=\"color: #00ccff;\">CE a).<\/span> Se ha valorado la importancia de la cultura preventiva en todos los \u00e1mbitos actividades de la empresa u organismo equiparado relacionado las condiciones laborales con la salud de la persona trabajadora identificando y clasificando los factores de riesgo en la actividad y los da\u00f1os derivados de los mismos, especialmente las situaciones de riesgo m\u00e1s habituales en los entornos de trabajo del sector profesional relacionado con el t\u00edtulo.<span class=\"Apple-converted-space\">\u00a0 <span style=\"color: #00ccff;\">Pesta\u00f1a 2 y 3.\u00a0<\/span><\/span><\/p><p><span style=\"color: #00ccff;\">CE c).<\/span> Se ha determinado la evaluaci\u00f3n de riesgos en la empresa u organismo equiparado y definido las t\u00e9cnicas de prevenci\u00f3n y de protecci\u00f3n que deben aplicarse para evitar los da\u00f1os en su origen y minimizar sus consecuencias.<span class=\"Apple-converted-space\">\u00a0 <span style=\"color: #00ccff;\">Pesta\u00f1a 4 y 5.<\/span>\u00a0<\/span><\/p><p><span style=\"color: #00ccff;\">CE h) <\/span>Se han determinado los requisitos y condiciones para la vigilancia de la salud de la persona trabajadora y su importancia como medida de prevenci\u00f3n.\u00a0 <span style=\"color: #00ccff;\">Pesta\u00f1a 6.<\/span><\/p><p><span style=\"color: #00ccff;\">CE i)<\/span> Se han identificado las t\u00e9cnicas b\u00e1sicas de primeros auxilios que han de ser aplicadas en el lugar del accidente ante distintos tipos de da\u00f1os y la composici\u00f3n y uso del botiqu\u00edn.<span class=\"Apple-converted-space\" style=\"color: #00ccff;\"> Pesta\u00f1a 7 y 8.\u00a0 Actividad complementaria 1.\u00a0<\/span><\/p><p><span style=\"color: #00ccff;\">CE d)<\/span> Se han analizado los protocolos de actuaci\u00f3n en caso de emergencias. <span style=\"color: #00ccff;\">Actividad complementaria 2.<\/span><\/p><p><span style=\"color: #00ccff;\">CE e)<\/span> Se han determinado los principales derechos y deberes en materia de prevenci\u00f3n de riesgos laborales.<span class=\"Apple-converted-space\" style=\"color: #00ccff;\"> Pesta\u00f1a 9. Misi\u00f3n 1.\u00a0<\/span><\/p><p><span style=\"color: #00ccff;\">CE f) <\/span>Se han clasificado las distintas formas de gesti\u00f3n de la prevenci\u00f3n en la empresa u organismo equiparado, en funci\u00f3n de los distintos criterios establecidos en la normativa sobre prevenci\u00f3n de riesgos laborales y determinado las formas de representaci\u00f3n de las personas trabajadoras en la empresa u organismo equiparado en materia de prevenci\u00f3n de riesgos.<span class=\"Apple-converted-space\" style=\"color: #00ccff;\"> Pesta\u00f1a 9. Misi\u00f3n 2<\/span><\/p><p><span style=\"color: #00ccff;\">CE g)<\/span> Se ha valorado la importancia de un plan preventido en la empresa u organismo equiparado que incluya la secuenciaci\u00f3n de las actuaciones a realizar en caso de emergencia y reflexionando sobre el contenido de este. <span style=\"color: #00ccff;\">Pesta\u00f1a 9. Misi\u00f3n 3<\/span><\/p><p><span style=\"color: #00ccff;\">Actividad evaluable. Portafolio web. (Pincha en el que te corresponda).<\/span><\/p><p><span style=\"color: #00ccff;\">CE b).\u00a0<\/span>Se han clasificado y descrito los tipos de da\u00f1os profesionales, con especial<span class=\"Apple-converted-space\">\u00a0<\/span>referencia a accidentes de trabajo y enfermedades profesionales, relacionados con el perfil profesional del t\u00edtulo.<span class=\"Apple-converted-space\">\u00a0<\/span><\/p><p><span class=\"Apple-converted-space\"><span style=\"color: #00ccff;\">Actividad evaluable. Da\u00f1os profesionales. (Pincha en la<\/span> <span style=\"color: #00ccff;\">presentaci\u00f3n interactiva).\u00a0<\/span><\/span><\/p>\t\t\t\t\t\t<\/div>\n\t\t\t\t<\/div>\n\t\t\t\t\t<\/div>\n\t\t<\/div>\n\t\t\t\t\t\t\t<\/div>\n\t\t<\/section>\n\t\t\t\t<section class=\"elementor-section elementor-top-section elementor-element elementor-element-752d963 elementor-section-boxed elementor-section-height-default elementor-section-height-default\" data-id=\"752d963\" data-element_type=\"section\">\n\t\t\t\t\t\t<div class=\"elementor-container elementor-column-gap-default\">\n\t\t\t\t\t<div class=\"elementor-column elementor-col-100 elementor-top-column elementor-element elementor-element-b8e7214\" data-id=\"b8e7214\" data-element_type=\"column\">\n\t\t\t<div class=\"elementor-widget-wrap elementor-element-populated\">\n\t\t\t\t\t\t\t\t<div class=\"elementor-element elementor-element-7345f07 elementor-widget elementor-widget-heading\" data-id=\"7345f07\" data-element_type=\"widget\" data-widget_type=\"heading.default\">\n\t\t\t\t<div class=\"elementor-widget-container\">\n\t\t\t<style>\/*! elementor - v3.7.1 - 14-08-2022 *\/\n.elementor-heading-title{padding:0;margin:0;line-height:1}.elementor-widget-heading .elementor-heading-title[class*=elementor-size-]>a{color:inherit;font-size:inherit;line-height:inherit}.elementor-widget-heading .elementor-heading-title.elementor-size-small{font-size:15px}.elementor-widget-heading .elementor-heading-title.elementor-size-medium{font-size:19px}.elementor-widget-heading .elementor-heading-title.elementor-size-large{font-size:29px}.elementor-widget-heading .elementor-heading-title.elementor-size-xl{font-size:39px}.elementor-widget-heading .elementor-heading-title.elementor-size-xxl{font-size:59px}<\/style><h2 class=\"elementor-heading-title elementor-size-large\">UD: RIESGOS PROFESIONALES EN EL SECTOR<\/h2>\t\t<\/div>\n\t\t\t\t<\/div>\n\t\t\t\t\t<\/div>\n\t\t<\/div>\n\t\t\t\t\t\t\t<\/div>\n\t\t<\/section>\n\t\t\t\t<section class=\"elementor-section elementor-top-section elementor-element elementor-element-0727181 elementor-section-boxed elementor-section-height-default elementor-section-height-default\" data-id=\"0727181\" data-element_type=\"section\">\n\t\t\t\t\t\t<div class=\"elementor-container elementor-column-gap-default\">\n\t\t\t\t\t<div class=\"elementor-column elementor-col-50 elementor-top-column elementor-element elementor-element-5ce704e\" data-id=\"5ce704e\" data-element_type=\"column\">\n\t\t\t<div class=\"elementor-widget-wrap elementor-element-populated\">\n\t\t\t\t\t\t\t\t<div class=\"elementor-element elementor-element-3ef0930 elementor-widget elementor-widget-text-editor\" data-id=\"3ef0930\" data-element_type=\"widget\" data-widget_type=\"text-editor.default\">\n\t\t\t\t<div class=\"elementor-widget-container\">\n\t\t\t\t\t\t\t<div style=\"width: 100%;\"><div style=\"position: relative; padding-bottom: 177.78%; padding-top: 0; height: 0;\"><iframe loading=\"lazy\" frameborder=\"0\" width=\"1080\" height=\"1920\" style=\"position: absolute; top: 0; left: 0; width: 100%; height: 100%;\" src=\"https:\/\/view.genial.ly\/61be1e51ad17190e3ff76e01\" type=\"text\/html\" allowscriptaccess=\"always\" allowfullscreen=\"true\" scrolling=\"yes\" allownetworking=\"all\"><\/iframe> <\/div> <\/div>\n\t\t\t\t\t\t<\/div>\n\t\t\t\t<\/div>\n\t\t\t\t\t<\/div>\n\t\t<\/div>\n\t\t\t\t<div class=\"elementor-column elementor-col-50 elementor-top-column elementor-element elementor-element-e15a52e\" data-id=\"e15a52e\" data-element_type=\"column\">\n\t\t\t<div class=\"elementor-widget-wrap elementor-element-populated\">\n\t\t\t\t\t\t\t\t<div class=\"elementor-element elementor-element-775ac74 elementor-widget elementor-widget-text-editor\" data-id=\"775ac74\" data-element_type=\"widget\" data-widget_type=\"text-editor.default\">\n\t\t\t\t<div class=\"elementor-widget-container\">\n\t\t\t\t\t\t\t<div style=\"width: 100%;\"><div style=\"position: relative; padding-bottom: 177.78%; padding-top: 0; height: 0;\"><iframe loading=\"lazy\" frameborder=\"0\" width=\"1080\" height=\"1920\" style=\"position: absolute; top: 0; left: 0; width: 100%; height: 100%;\" src=\"https:\/\/view.genial.ly\/61dacaea019bb20de6e6cb90\" type=\"text\/html\" allowscriptaccess=\"always\" allowfullscreen=\"true\" scrolling=\"yes\" allownetworking=\"all\"><\/iframe> <\/div> <\/div>\n\t\t\t\t\t\t<\/div>\n\t\t\t\t<\/div>\n\t\t\t\t\t<\/div>\n\t\t<\/div>\n\t\t\t\t\t\t\t<\/div>\n\t\t<\/section>\n\t\t\t\t<section class=\"elementor-section elementor-top-section elementor-element elementor-element-8b0c64b elementor-section-boxed elementor-section-height-default elementor-section-height-default\" data-id=\"8b0c64b\" data-element_type=\"section\">\n\t\t\t\t\t\t<div class=\"elementor-container elementor-column-gap-default\">\n\t\t\t\t\t<div class=\"elementor-column elementor-col-100 elementor-top-column elementor-element elementor-element-f686d01\" data-id=\"f686d01\" data-element_type=\"column\">\n\t\t\t<div class=\"elementor-widget-wrap elementor-element-populated\">\n\t\t\t\t\t\t\t\t<div class=\"elementor-element elementor-element-52145bd elementor-widget elementor-widget-text-editor\" data-id=\"52145bd\" data-element_type=\"widget\" data-widget_type=\"text-editor.default\">\n\t\t\t\t<div class=\"elementor-widget-container\">\n\t\t\t\t\t\t\t<h6 style=\"text-align: center;\"><span style=\"color: #ff9900;\">Da\u00f1os profesionales en el sector. Presentaci\u00f3n interactiva<\/span><\/h6>\t\t\t\t\t\t<\/div>\n\t\t\t\t<\/div>\n\t\t\t\t\t<\/div>\n\t\t<\/div>\n\t\t\t\t\t\t\t<\/div>\n\t\t<\/section>\n\t\t\t\t<section class=\"elementor-section elementor-top-section elementor-element elementor-element-cadad47 elementor-section-boxed elementor-section-height-default elementor-section-height-default\" data-id=\"cadad47\" data-element_type=\"section\">\n\t\t\t\t\t\t<div class=\"elementor-container elementor-column-gap-default\">\n\t\t\t\t\t<div class=\"elementor-column elementor-col-100 elementor-top-column elementor-element elementor-element-b154b12\" data-id=\"b154b12\" data-element_type=\"column\">\n\t\t\t<div class=\"elementor-widget-wrap elementor-element-populated\">\n\t\t\t\t\t\t\t\t<div class=\"elementor-element elementor-element-7a6901a elementor-widget elementor-widget-text-editor\" data-id=\"7a6901a\" data-element_type=\"widget\" data-widget_type=\"text-editor.default\">\n\t\t\t\t<div class=\"elementor-widget-container\">\n\t\t\t\t\t\t\t<div style=\"width: 100%;\"><div style=\"position: relative; padding-bottom: 56.25%; padding-top: 0; height: 0;\"><iframe loading=\"lazy\" title=\"Trabajo PRL\" frameborder=\"0\" width=\"1200\" height=\"675\" style=\"position: absolute; top: 0; left: 0; width: 100%; height: 100%;\" src=\"https:\/\/view.genially.com\/673325d4fffebf0dc2c14edb\" type=\"text\/html\" allowscriptaccess=\"always\" allowfullscreen=\"true\" scrolling=\"yes\" allownetworking=\"all\"><\/iframe> <\/div> <\/div>\n\t\t\t\t\t\t<\/div>\n\t\t\t\t<\/div>\n\t\t\t\t\t<\/div>\n\t\t<\/div>\n\t\t\t\t\t\t\t<\/div>\n\t\t<\/section>\n\t\t\t\t\t\t\t<\/div>\n\t\t","protected":false},"excerpt":{"rendered":"<p>Adquiere las competencias necesarias para el desempe\u00f1o de las funciones de nivel b\u00e1sico en Prevenci\u00f3n de Riesgos Laborales. \u00a0 CE a). Se ha valorado la importancia de la cultura preventiva en todos los \u00e1mbitos actividades de la empresa u organismo equiparado relacionado las condiciones laborales con la salud de la persona trabajadora identificando y clasificando [&hellip;]<\/p>\n","protected":false},"author":1,"featured_media":0,"parent":0,"menu_order":0,"comment_status":"closed","ping_status":"closed","template":"","meta":{"_regular_price":[],"currency_symbol":[],"footnotes":""},"class_list":["post-95","page","type-page","status-publish","hentry"],"post_slider_layout_featured_media_urls":{"thumbnail":"","post_slider_layout_landscape_large":"","post_slider_layout_portrait_large":"","post_slider_layout_square_large":"","post_slider_layout_landscape":"","post_slider_layout_portrait":"","post_slider_layout_square":"","full":""},"_links":{"self":[{"href":"https:\/\/nosformamosfol.com\/index.php\/wp-json\/wp\/v2\/pages\/95","targetHints":{"allow":["GET"]}}],"collection":[{"href":"https:\/\/nosformamosfol.com\/index.php\/wp-json\/wp\/v2\/pages"}],"about":[{"href":"https:\/\/nosformamosfol.com\/index.php\/wp-json\/wp\/v2\/types\/page"}],"author":[{"embeddable":true,"href":"https:\/\/nosformamosfol.com\/index.php\/wp-json\/wp\/v2\/users\/1"}],"replies":[{"embeddable":true,"href":"https:\/\/nosformamosfol.com\/index.php\/wp-json\/wp\/v2\/comments?post=95"}],"version-history":[{"count":112,"href":"https:\/\/nosformamosfol.com\/index.php\/wp-json\/wp\/v2\/pages\/95\/revisions"}],"predecessor-version":[{"id":1116,"href":"https:\/\/nosformamosfol.com\/index.php\/wp-json\/wp\/v2\/pages\/95\/revisions\/1116"}],"wp:attachment":[{"href":"https:\/\/nosformamosfol.com\/index.php\/wp-json\/wp\/v2\/media?parent=95"}],"curies":[{"name":"wp","href":"https:\/\/api.w.org\/{rel}","templated":true}]}}